{"id":154,"date":"2019-09-15T10:42:18","date_gmt":"2019-09-15T10:42:18","guid":{"rendered":"http:\/\/drachenfest-hevensen.de\/?page_id=154"},"modified":"2019-09-15T13:15:01","modified_gmt":"2019-09-15T13:15:01","slug":"seit-1989-drachenfest-ist-familienfest","status":"publish","type":"page","link":"http:\/\/drachenfest-hevensen.de\/?page_id=154","title":{"rendered":"Seit 1989: Drachenfest ist Familienfest"},"content":{"rendered":"<figure id=\"attachment_157\" aria-describedby=\"caption-attachment-157\" style=\"width: 900px\" class=\"wp-caption aligncenter\"><a href=\"http:\/\/drachenfest-hevensen.de\/wp-content\/uploads\/2019\/09\/Foto_Henne.jpg\" rel=\"lightbox[154]\"><img decoding=\"async\" loading=\"lazy\" class=\"wp-image-157 size-full\" src=\"http:\/\/drachenfest-hevensen.de\/wp-content\/uploads\/2019\/09\/Foto_Henne.jpg\" alt=\"\" width=\"900\" height=\"600\" srcset=\"http:\/\/drachenfest-hevensen.de\/wp-content\/uploads\/2019\/09\/Foto_Henne.jpg 900w, http:\/\/drachenfest-hevensen.de\/wp-content\/uploads\/2019\/09\/Foto_Henne-300x200.jpg 300w, http:\/\/drachenfest-hevensen.de\/wp-content\/uploads\/2019\/09\/Foto_Henne-768x512.jpg 768w\" sizes=\"(max-width: 900px) 100vw, 900px\" \/><\/a><figcaption id=\"caption-attachment-157\" class=\"wp-caption-text\">SPD Vorsitzender Torsten Henne blickt auf die 30-j\u00e4hrige Tradition des Hevenser Drachenfestes zur\u00fcck<\/figcaption><\/figure>\n<p><span style=\"font-family: verdana, geneva, sans-serif; font-size: 12pt;\">Im Jahr 1989 fand das erste Hevenser Drachenfest statt. &#8222;Es war eine dieser Schnapsideen, die wir damals hatten&#8220;, erinnert sich der damalige Schriftf\u00fchrer und heutige Vorsitzende der SPD Hevensen, Torsten Henne. Im Herbst 1989 sind die Hevenser Sozialdemokrat*innen mit einem Grill, Tische und B\u00e4nke und ein paar Kisten Kaltgetr\u00e4nke zum &#8222;Rischenau&#8220; (Feldmark zwischen Hevensen und Gladebeck) hinausgezogen, um das erste Hevenser Drachenfest aufzuziehen. Damals kamen \u00fcberwiegend die Einwohner*innen aus Hevensen und der nahen Umgebung zum &#8222;Drachensteigen&#8220;. Wohl eher, um nachzuschauen, was die &#8222;Roten Socken&#8220; da drau\u00dfen machen. Dass man 30 Jahre danach noch immer dieses inzwischen nicht mehr wegzudenkende Fest veranstaltet ist aller Ehren wert. Denn nicht alle Feste verliefen erfolgreich. Manchmal fehlte der Wind, in anderen Jahren gab es Regen. Auch die Zahl der Unterst\u00fctzer*innen schwankte zwischen reichlich und sehr knapp.\u00a0 Anfangs fand das Fest jedes Jahr an anderer Stelle statt. Denn man musste schauen, welches Feld um Hevensen bereits im Fr\u00fcherbst abgeerntet war. Seit 2004 hat das Fest mit dem Baseballplatz der Hevensen Pioneers seinen festen Standort.<\/span><\/p>\n<p><span style=\"font-family: verdana, geneva, sans-serif; font-size: 12pt;\">Auch in der j\u00fcngeren Vergangenheit pilgerten \u00fcber 1000 Menschen auf das Flugfeld hinter dem Dorfgemeinschaftshaus. Und auch zum 30. Drachenfest am <strong>03. Oktober<\/strong> 2018 kamen wieder viele G\u00e4ste aus Nah und Fern. Vor allem die Anzahl der Kinder war riesig. Belohnt wurden die M\u00fchen der Veranstalter mit gutem und dauerhaftem Wind im Karl Hartje Ballpark. Auch die 31. Auflage des beliebten Familienfestes findet am 03. Oktober statt. Es dreht sich wieder alles um bunte Drachen. Bei hoffentlich windigem Wetter k\u00f6nnen alle kleinen und gro\u00dfen Drachenfreunde bereits ab 11:00 Uhr ihre Flugk\u00f6rper bis zu einer H\u00f6he von 300 Metern steigen lassen.<\/span><\/p>\n<p><a href=\"http:\/\/drachenfest-hevensen.de\/wp-content\/uploads\/2019\/09\/Foto-Drachen-2018.jpg\" rel=\"lightbox[154]\"><img decoding=\"async\" loading=\"lazy\" class=\"aligncenter size-full wp-image-158\" src=\"http:\/\/drachenfest-hevensen.de\/wp-content\/uploads\/2019\/09\/Foto-Drachen-2018.jpg\" alt=\"\" width=\"900\" height=\"600\" srcset=\"http:\/\/drachenfest-hevensen.de\/wp-content\/uploads\/2019\/09\/Foto-Drachen-2018.jpg 900w, http:\/\/drachenfest-hevensen.de\/wp-content\/uploads\/2019\/09\/Foto-Drachen-2018-300x200.jpg 300w, http:\/\/drachenfest-hevensen.de\/wp-content\/uploads\/2019\/09\/Foto-Drachen-2018-768x512.jpg 768w\" sizes=\"(max-width: 900px) 100vw, 900px\" \/><\/a><\/p>\n<p><span style=\"font-family: verdana, geneva, sans-serif; font-size: 14pt;\"><strong>Drachenfest ist Familienfest<\/strong><\/span><\/p>\n<p><span style=\"font-family: verdana, geneva, sans-serif; font-size: 12pt;\">Auf dem etwa 14.000 qm gro\u00dfen Gel\u00e4nde hinter dem Dorfgemeinschaftshaus k\u00f6nnen die Drachen in die Luft gehen. Dabei spielt es keine Rolle ob diese gro\u00df, klein, selbst gebastelt oder gekauft sind. Profis oder Anf\u00e4nger. Erlaubt ist was fliegt. Aktionen f\u00fcr Kinder laden zu viel Spa\u00df ein. Auch der\u00a0 Verein &#8222;Aktiv f\u00fcr Hunde in Not&#8220; ist wieder aktiv dabei und bietet neben einer Tombola leckere Cr\u00eape zum Verzehr an. Der Reiterhof Korengel bietet wieder Ponyreiten f\u00fcr die Kleinen. Im DGH wird das Mini-Truck-Team Rosdorf eine sch\u00f6ne Ausstellung von Miniatur LKW und Maschinen aufbauen. Nat\u00fcrlich gibt es auch Brat- und Currywurst, sowie Pommes. Am fr\u00fchen Nachmittag wartet wieder ein Kuchenbuffet mit vielen selbstgebackenen Kuchen auf die Besucher*innen. Aber vor allem soll der Tag viel Spa\u00df und Freude bereiten. Es bleibt wie immer auf windiges und trockenes Wetter zu hoffen. Nur dann wird es ein perfekter Tag f\u00fcr die Kleinen und Gro\u00dfen Drachenfreund*innen.<\/span><\/p>\n<p>&nbsp;<\/p>\n","protected":false},"excerpt":{"rendered":"<p>Im Jahr 1989 fand das erste Hevenser Drachenfest statt. &#8222;Es war eine dieser Schnapsideen, die wir damals hatten&#8220;, erinnert sich der damalige Schriftf\u00fchrer und heutige Vorsitzende der SPD Hevensen, Torsten Henne. Im Herbst 1989 sind die Hevenser Sozialdemokrat*innen mit einem Grill, Tische und B\u00e4nke und ein paar Kisten Kaltgetr\u00e4nke zum<\/p>\n","protected":false},"author":1,"featured_media":0,"parent":0,"menu_order":0,"comment_status":"closed","ping_status":"closed","template":"","meta":[],"_links":{"self":[{"href":"http:\/\/drachenfest-hevensen.de\/index.php?rest_route=\/wp\/v2\/pages\/154"}],"collection":[{"href":"http:\/\/drachenfest-hevensen.de\/index.php?rest_route=\/wp\/v2\/pages"}],"about":[{"href":"http:\/\/drachenfest-hevensen.de\/index.php?rest_route=\/wp\/v2\/types\/page"}],"author":[{"embeddable":true,"href":"http:\/\/drachenfest-hevensen.de\/index.php?rest_route=\/wp\/v2\/users\/1"}],"replies":[{"embeddable":true,"href":"http:\/\/drachenfest-hevensen.de\/index.php?rest_route=%2Fwp%2Fv2%2Fcomments&post=154"}],"version-history":[{"count":3,"href":"http:\/\/drachenfest-hevensen.de\/index.php?rest_route=\/wp\/v2\/pages\/154\/revisions"}],"predecessor-version":[{"id":161,"href":"http:\/\/drachenfest-hevensen.de\/index.php?rest_route=\/wp\/v2\/pages\/154\/revisions\/161"}],"wp:attachment":[{"href":"http:\/\/drachenfest-hevensen.de\/index.php?rest_route=%2Fwp%2Fv2%2Fmedia&parent=154"}],"curies":[{"name":"wp","href":"https:\/\/api.w.org\/{rel}","templated":true}]}}