{"id":38,"date":"2015-09-29T20:34:09","date_gmt":"2015-09-29T20:34:09","guid":{"rendered":"http:\/\/drachenfest-hevensen.de\/?page_id=38"},"modified":"2015-09-29T20:50:16","modified_gmt":"2015-09-29T20:50:16","slug":"26-hevenser-drachenfest-ein-ganz-besonderer-familientag","status":"publish","type":"page","link":"http:\/\/drachenfest-hevensen.de\/?page_id=38","title":{"rendered":"26. Hevenser Drachenfest &#8211; ein ganz besonderer Familientag"},"content":{"rendered":"<p>Seit \u00fcber 25 Jahren organisieren die Genossinnen und Genossen vom \u00f6rtlichen SPD Ortsverein gemeinsam mit vielen Helferinnen und Helfern das Hevenser Drachenfest. \u00c4nderte sich im Lauf der Zeit auch die Lokalit\u00e4t und gingen die Besucherzahlen rauf und runter, so zeigt sich doch, dass das Hevenser Drachenfest sich weiterhin seiner Beliebtheit erfreut. Zum Jubil\u00e4umsfest im vergangenen Jahr pilgerten wieder weit \u00fcber 1000 Menschen auf das Flugfeld hinter dem Dorfgemeinschaftshaus.<\/p>\n<p><a href=\"http:\/\/drachenfest-hevensen.de\/wp-content\/uploads\/2015\/09\/20140418_150721.jpg\" rel=\"lightbox[38]\"><img decoding=\"async\" loading=\"lazy\" class=\"alignnone size-full wp-image-35\" src=\"http:\/\/drachenfest-hevensen.de\/wp-content\/uploads\/2015\/09\/20140418_150721.jpg\" alt=\"20140418_150721\" width=\"900\" height=\"600\" srcset=\"http:\/\/drachenfest-hevensen.de\/wp-content\/uploads\/2015\/09\/20140418_150721.jpg 900w, http:\/\/drachenfest-hevensen.de\/wp-content\/uploads\/2015\/09\/20140418_150721-300x200.jpg 300w, http:\/\/drachenfest-hevensen.de\/wp-content\/uploads\/2015\/09\/20140418_150721-624x416.jpg 624w\" sizes=\"(max-width: 900px) 100vw, 900px\" \/><\/a><\/p>\n<p>So dreht sich auch in diesem Jahr am <strong>03. Oktober<\/strong> wieder alles um bunte Drachen. \u00a0Bei hoffentlich windigem Wetter k\u00f6nnen alle kleinen und gro\u00dfen Drachenfreunde bereits ab 11:00 Uhr ihre Flugk\u00f6rper bis zu einer H\u00f6he von 300 Metern steigen lassen.<\/p>\n<p><strong>Drachenfest ist Familienfest<\/strong><\/p>\n<p>Auf dem etwa 14.000 qm gro\u00dfen Gel\u00e4nde hinter dem Dorfgemeinschaftshaus k\u00f6nnen die Drachen in die Luft gehen. Dabei spielt es keine Rolle ob diese gro\u00df, klein, selbst gebastelt oder gekauft sind. Profis oder Anf\u00e4nger. Erlaubt ist was fliegt. Unterst\u00fctzt wird das Hevenser Drachenfest von Mitgliedern des Drachenclubs Paderborn. Auch diesmal wird die Crew um Tobi Gefe einige sehenswerte Drachen dabei haben.<\/p>\n<p>Aktionen f\u00fcr Kinder wie Kinder schminken, Pony reiten oder ein Gl\u00fccksrad laden zu viel Spa\u00df ein. Auch der \u00a0Verein &#8222;Aktiv f\u00fcr Hunde in Not&#8220; ist wieder aktiv dabei und bietet leckere Cr\u00eape zum Verzehr an. Und ein Verkaufsstand Handtuchorigami l\u00e4dt zum st\u00f6bern ein.<\/p>\n<p>Nat\u00fcrlich gibt es auch etwas f\u00fcr das leibliche Wohl. Neben den \u00fcblichen Speisen wie Bratwurst, Pommes und Co kann man leckere Kartoffelspalten mit Salat probieren. Am Nachmittag wartet wieder ein Kuchenbuffet mit vielen selbstgebackenen Kuchen auf alle G\u00e4ste. Aber vor allem soll der Tag viel Spa\u00df und Freude bringen und hoffentlich genug Wind blasen.<\/p>\n<p>Alle Infos zum Fest auch im Internet unter <strong>www.drachenfest-hevensen.de<\/strong> oder <strong>facebook.com\/DrachenfestHevensen<\/strong><\/p>\n","protected":false},"excerpt":{"rendered":"<p>Seit \u00fcber 25 Jahren organisieren die Genossinnen und Genossen vom \u00f6rtlichen SPD Ortsverein gemeinsam mit vielen Helferinnen und Helfern das Hevenser Drachenfest. \u00c4nderte sich im Lauf der Zeit auch die Lokalit\u00e4t und gingen die Besucherzahlen rauf und runter, so zeigt sich doch, dass das Hevenser Drachenfest sich weiterhin seiner Beliebtheit<\/p>\n","protected":false},"author":1,"featured_media":0,"parent":0,"menu_order":0,"comment_status":"closed","ping_status":"closed","template":"","meta":[],"_links":{"self":[{"href":"http:\/\/drachenfest-hevensen.de\/index.php?rest_route=\/wp\/v2\/pages\/38"}],"collection":[{"href":"http:\/\/drachenfest-hevensen.de\/index.php?rest_route=\/wp\/v2\/pages"}],"about":[{"href":"http:\/\/drachenfest-hevensen.de\/index.php?rest_route=\/wp\/v2\/types\/page"}],"author":[{"embeddable":true,"href":"http:\/\/drachenfest-hevensen.de\/index.php?rest_route=\/wp\/v2\/users\/1"}],"replies":[{"embeddable":true,"href":"http:\/\/drachenfest-hevensen.de\/index.php?rest_route=%2Fwp%2Fv2%2Fcomments&post=38"}],"version-history":[{"count":2,"href":"http:\/\/drachenfest-hevensen.de\/index.php?rest_route=\/wp\/v2\/pages\/38\/revisions"}],"predecessor-version":[{"id":42,"href":"http:\/\/drachenfest-hevensen.de\/index.php?rest_route=\/wp\/v2\/pages\/38\/revisions\/42"}],"wp:attachment":[{"href":"http:\/\/drachenfest-hevensen.de\/index.php?rest_route=%2Fwp%2Fv2%2Fmedia&parent=38"}],"curies":[{"name":"wp","href":"https:\/\/api.w.org\/{rel}","templated":true}]}}